{"id":17,"date":"2020-04-14T13:49:47","date_gmt":"2020-04-14T13:49:47","guid":{"rendered":"http:\/\/baeren-holziken.ch\/?page_id=17"},"modified":"2020-04-14T13:49:47","modified_gmt":"2020-04-14T13:49:47","slug":"raeumlichkeiten","status":"publish","type":"page","link":"http:\/\/baeren-holziken.ch\/?page_id=17","title":{"rendered":"R\u00e4umlichkeiten"},"content":{"rendered":"\n<p>Gaststube Raucherbereich hat ca 36 Pl\u00e4tze<br><img loading=\"lazy\" decoding=\"async\" width=\"350\" height=\"467\" class=\"wp-image-18\" style=\"width: 350px;\" src=\"http:\/\/baeren-holziken.ch\/wp-content\/uploads\/2020\/04\/IMG_2313-1536x2048-1.jpg\" alt=\"\" srcset=\"http:\/\/baeren-holziken.ch\/wp-content\/uploads\/2020\/04\/IMG_2313-1536x2048-1.jpg 1536w, http:\/\/baeren-holziken.ch\/wp-content\/uploads\/2020\/04\/IMG_2313-1536x2048-1-225x300.jpg 225w, http:\/\/baeren-holziken.ch\/wp-content\/uploads\/2020\/04\/IMG_2313-1536x2048-1-768x1024.jpg 768w, http:\/\/baeren-holziken.ch\/wp-content\/uploads\/2020\/04\/IMG_2313-1536x2048-1-1152x1536.jpg 1152w\" sizes=\"auto, (max-width: 350px) 100vw, 350px\" \/><\/p>\n\n\n\n<p>Saal 1 hat ca 62 Pl\u00e4tze<br><img loading=\"lazy\" decoding=\"async\" width=\"350\" height=\"233\" class=\"wp-image-19\" style=\"width: 350px;\" src=\"http:\/\/baeren-holziken.ch\/wp-content\/uploads\/2020\/04\/DSC05999.jpg\" alt=\"\" srcset=\"http:\/\/baeren-holziken.ch\/wp-content\/uploads\/2020\/04\/DSC05999.jpg 2048w, http:\/\/baeren-holziken.ch\/wp-content\/uploads\/2020\/04\/DSC05999-300x200.jpg 300w, http:\/\/baeren-holziken.ch\/wp-content\/uploads\/2020\/04\/DSC05999-1024x683.jpg 1024w, http:\/\/baeren-holziken.ch\/wp-content\/uploads\/2020\/04\/DSC05999-768x512.jpg 768w, http:\/\/baeren-holziken.ch\/wp-content\/uploads\/2020\/04\/DSC05999-1536x1024.jpg 1536w\" sizes=\"auto, (max-width: 350px) 100vw, 350px\" \/><\/p>\n\n\n\n<p>Saal 2 hat ca 48 Pl\u00e4tze<br><img loading=\"lazy\" decoding=\"async\" width=\"350\" height=\"233\" class=\"wp-image-20\" style=\"width: 350px;\" src=\"http:\/\/baeren-holziken.ch\/wp-content\/uploads\/2020\/04\/DSC05985-1536x1024-1.jpg\" alt=\"\" srcset=\"http:\/\/baeren-holziken.ch\/wp-content\/uploads\/2020\/04\/DSC05985-1536x1024-1.jpg 1536w, http:\/\/baeren-holziken.ch\/wp-content\/uploads\/2020\/04\/DSC05985-1536x1024-1-300x200.jpg 300w, http:\/\/baeren-holziken.ch\/wp-content\/uploads\/2020\/04\/DSC05985-1536x1024-1-1024x683.jpg 1024w, http:\/\/baeren-holziken.ch\/wp-content\/uploads\/2020\/04\/DSC05985-1536x1024-1-768x512.jpg 768w\" sizes=\"auto, (max-width: 350px) 100vw, 350px\" \/><\/p>\n\n\n\n<p>St\u00fcbli hat ca 20 Pl\u00e4tze<br><img loading=\"lazy\" decoding=\"async\" width=\"350\" height=\"467\" class=\"wp-image-21\" style=\"width: 350px;\" src=\"http:\/\/baeren-holziken.ch\/wp-content\/uploads\/2020\/04\/IMG_2470-scaled-1.jpg\" alt=\"\" srcset=\"http:\/\/baeren-holziken.ch\/wp-content\/uploads\/2020\/04\/IMG_2470-scaled-1.jpg 1920w, http:\/\/baeren-holziken.ch\/wp-content\/uploads\/2020\/04\/IMG_2470-scaled-1-225x300.jpg 225w, http:\/\/baeren-holziken.ch\/wp-content\/uploads\/2020\/04\/IMG_2470-scaled-1-768x1024.jpg 768w, http:\/\/baeren-holziken.ch\/wp-content\/uploads\/2020\/04\/IMG_2470-scaled-1-1152x1536.jpg 1152w, http:\/\/baeren-holziken.ch\/wp-content\/uploads\/2020\/04\/IMG_2470-scaled-1-1536x2048.jpg 1536w\" sizes=\"auto, (max-width: 350px) 100vw, 350px\" \/><\/p>\n\n\n\n<p>Terrasse hat ca 80 Pl\u00e4tze<br><img loading=\"lazy\" decoding=\"async\" width=\"350\" height=\"467\" class=\"wp-image-22\" src=\"http:\/\/baeren-holziken.ch\/wp-content\/uploads\/2020\/04\/IMG_2560-scaled-1.jpg\" alt=\"\" style=\"width: 350px;\" srcset=\"http:\/\/baeren-holziken.ch\/wp-content\/uploads\/2020\/04\/IMG_2560-scaled-1.jpg 1920w, http:\/\/baeren-holziken.ch\/wp-content\/uploads\/2020\/04\/IMG_2560-scaled-1-225x300.jpg 225w, http:\/\/baeren-holziken.ch\/wp-content\/uploads\/2020\/04\/IMG_2560-scaled-1-768x1024.jpg 768w, http:\/\/baeren-holziken.ch\/wp-content\/uploads\/2020\/04\/IMG_2560-scaled-1-1152x1536.jpg 1152w, http:\/\/baeren-holziken.ch\/wp-content\/uploads\/2020\/04\/IMG_2560-scaled-1-1536x2048.jpg 1536w\" sizes=\"auto, (max-width: 350px) 100vw, 350px\" \/><\/p>\n","protected":false},"excerpt":{"rendered":"<p>Gaststube Raucherbereich hat ca 36 Pl\u00e4tze Saal 1 hat ca 62 Pl\u00e4tze Saal 2 hat ca 48 Pl\u00e4tze St\u00fcbli hat ca 20 Pl\u00e4tze Terrasse hat ca 80 Pl\u00e4tze<\/p>\n","protected":false},"author":1,"featured_media":0,"parent":0,"menu_order":0,"comment_status":"closed","ping_status":"closed","template":"","meta":{"footnotes":""},"class_list":["post-17","page","type-page","status-publish","hentry"],"yoast_head":"<!-- This site is optimized with the Yoast SEO plugin v27.5 - https:\/\/yoast.com\/product\/yoast-seo-wordpress\/ -->\n<title>R\u00e4umlichkeiten - Gasthaus B\u00e4ren Holziken<\/title>\n<meta name=\"robots\" content=\"index, follow, max-snippet:-1, max-image-preview:large, max-video-preview:-1\" \/>\n<link rel=\"canonical\" href=\"http:\/\/baeren-holziken.ch\/?page_id=17\" \/>\n<meta property=\"og:locale\" content=\"de_DE\" \/>\n<meta property=\"og:type\" content=\"article\" \/>\n<meta property=\"og:title\" content=\"R\u00e4umlichkeiten - Gasthaus B\u00e4ren Holziken\" \/>\n<meta property=\"og:description\" content=\"Gaststube Raucherbereich hat ca 36 Pl\u00e4tze Saal 1 hat ca 62 Pl\u00e4tze Saal 2 hat ca 48 Pl\u00e4tze St\u00fcbli hat ca 20 Pl\u00e4tze Terrasse hat ca 80 Pl\u00e4tze\" \/>\n<meta property=\"og:url\" content=\"http:\/\/baeren-holziken.ch\/?page_id=17\" \/>\n<meta property=\"og:site_name\" content=\"Gasthaus B\u00e4ren Holziken\" \/>\n<meta property=\"og:image\" content=\"http:\/\/baeren-holziken.ch\/wp-content\/uploads\/2020\/04\/IMG_2313-1536x2048-1.jpg\" \/>\n<meta name=\"twitter:card\" content=\"summary_large_image\" \/>\n<script type=\"application\/ld+json\" class=\"yoast-schema-graph\">{\"@context\":\"https:\\\/\\\/schema.org\",\"@graph\":[{\"@type\":\"WebPage\",\"@id\":\"http:\\\/\\\/baeren-holziken.ch\\\/?page_id=17\",\"url\":\"http:\\\/\\\/baeren-holziken.ch\\\/?page_id=17\",\"name\":\"R\u00e4umlichkeiten - Gasthaus B\u00e4ren Holziken\",\"isPartOf\":{\"@id\":\"https:\\\/\\\/baeren-holziken.ch\\\/#website\"},\"primaryImageOfPage\":{\"@id\":\"http:\\\/\\\/baeren-holziken.ch\\\/?page_id=17#primaryimage\"},\"image\":{\"@id\":\"http:\\\/\\\/baeren-holziken.ch\\\/?page_id=17#primaryimage\"},\"thumbnailUrl\":\"http:\\\/\\\/baeren-holziken.ch\\\/wp-content\\\/uploads\\\/2020\\\/04\\\/IMG_2313-1536x2048-1.jpg\",\"datePublished\":\"2020-04-14T13:49:47+00:00\",\"breadcrumb\":{\"@id\":\"http:\\\/\\\/baeren-holziken.ch\\\/?page_id=17#breadcrumb\"},\"inLanguage\":\"de\",\"potentialAction\":[{\"@type\":\"ReadAction\",\"target\":[\"http:\\\/\\\/baeren-holziken.ch\\\/?page_id=17\"]}]},{\"@type\":\"ImageObject\",\"inLanguage\":\"de\",\"@id\":\"http:\\\/\\\/baeren-holziken.ch\\\/?page_id=17#primaryimage\",\"url\":\"http:\\\/\\\/baeren-holziken.ch\\\/wp-content\\\/uploads\\\/2020\\\/04\\\/IMG_2313-1536x2048-1.jpg\",\"contentUrl\":\"http:\\\/\\\/baeren-holziken.ch\\\/wp-content\\\/uploads\\\/2020\\\/04\\\/IMG_2313-1536x2048-1.jpg\",\"width\":1536,\"height\":2048},{\"@type\":\"BreadcrumbList\",\"@id\":\"http:\\\/\\\/baeren-holziken.ch\\\/?page_id=17#breadcrumb\",\"itemListElement\":[{\"@type\":\"ListItem\",\"position\":1,\"name\":\"Startseite\",\"item\":\"https:\\\/\\\/baeren-holziken.ch\\\/\"},{\"@type\":\"ListItem\",\"position\":2,\"name\":\"R\u00e4umlichkeiten\"}]},{\"@type\":\"WebSite\",\"@id\":\"https:\\\/\\\/baeren-holziken.ch\\\/#website\",\"url\":\"https:\\\/\\\/baeren-holziken.ch\\\/\",\"name\":\"Gasthaus B\u00e4ren Holziken\",\"description\":\"Restaurant\",\"publisher\":{\"@id\":\"https:\\\/\\\/baeren-holziken.ch\\\/#organization\"},\"potentialAction\":[{\"@type\":\"SearchAction\",\"target\":{\"@type\":\"EntryPoint\",\"urlTemplate\":\"https:\\\/\\\/baeren-holziken.ch\\\/?s={search_term_string}\"},\"query-input\":{\"@type\":\"PropertyValueSpecification\",\"valueRequired\":true,\"valueName\":\"search_term_string\"}}],\"inLanguage\":\"de\"},{\"@type\":\"Organization\",\"@id\":\"https:\\\/\\\/baeren-holziken.ch\\\/#organization\",\"name\":\"Gasthaus B\u00e4ren Holziken\",\"url\":\"https:\\\/\\\/baeren-holziken.ch\\\/\",\"logo\":{\"@type\":\"ImageObject\",\"inLanguage\":\"de\",\"@id\":\"https:\\\/\\\/baeren-holziken.ch\\\/#\\\/schema\\\/logo\\\/image\\\/\",\"url\":\"https:\\\/\\\/baeren-holziken.ch\\\/wp-content\\\/uploads\\\/2024\\\/07\\\/cropped-webseitelogo-1.png\",\"contentUrl\":\"https:\\\/\\\/baeren-holziken.ch\\\/wp-content\\\/uploads\\\/2024\\\/07\\\/cropped-webseitelogo-1.png\",\"width\":512,\"height\":512,\"caption\":\"Gasthaus B\u00e4ren Holziken\"},\"image\":{\"@id\":\"https:\\\/\\\/baeren-holziken.ch\\\/#\\\/schema\\\/logo\\\/image\\\/\"}}]}<\/script>\n<!-- \/ Yoast SEO plugin. -->","yoast_head_json":{"title":"R\u00e4umlichkeiten - Gasthaus B\u00e4ren Holziken","robots":{"index":"index","follow":"follow","max-snippet":"max-snippet:-1","max-image-preview":"max-image-preview:large","max-video-preview":"max-video-preview:-1"},"canonical":"http:\/\/baeren-holziken.ch\/?page_id=17","og_locale":"de_DE","og_type":"article","og_title":"R\u00e4umlichkeiten - Gasthaus B\u00e4ren Holziken","og_description":"Gaststube Raucherbereich hat ca 36 Pl\u00e4tze Saal 1 hat ca 62 Pl\u00e4tze Saal 2 hat ca 48 Pl\u00e4tze St\u00fcbli hat ca 20 Pl\u00e4tze Terrasse hat ca 80 Pl\u00e4tze","og_url":"http:\/\/baeren-holziken.ch\/?page_id=17","og_site_name":"Gasthaus B\u00e4ren Holziken","og_image":[{"url":"http:\/\/baeren-holziken.ch\/wp-content\/uploads\/2020\/04\/IMG_2313-1536x2048-1.jpg","type":"","width":"","height":""}],"twitter_card":"summary_large_image","schema":{"@context":"https:\/\/schema.org","@graph":[{"@type":"WebPage","@id":"http:\/\/baeren-holziken.ch\/?page_id=17","url":"http:\/\/baeren-holziken.ch\/?page_id=17","name":"R\u00e4umlichkeiten - Gasthaus B\u00e4ren Holziken","isPartOf":{"@id":"https:\/\/baeren-holziken.ch\/#website"},"primaryImageOfPage":{"@id":"http:\/\/baeren-holziken.ch\/?page_id=17#primaryimage"},"image":{"@id":"http:\/\/baeren-holziken.ch\/?page_id=17#primaryimage"},"thumbnailUrl":"http:\/\/baeren-holziken.ch\/wp-content\/uploads\/2020\/04\/IMG_2313-1536x2048-1.jpg","datePublished":"2020-04-14T13:49:47+00:00","breadcrumb":{"@id":"http:\/\/baeren-holziken.ch\/?page_id=17#breadcrumb"},"inLanguage":"de","potentialAction":[{"@type":"ReadAction","target":["http:\/\/baeren-holziken.ch\/?page_id=17"]}]},{"@type":"ImageObject","inLanguage":"de","@id":"http:\/\/baeren-holziken.ch\/?page_id=17#primaryimage","url":"http:\/\/baeren-holziken.ch\/wp-content\/uploads\/2020\/04\/IMG_2313-1536x2048-1.jpg","contentUrl":"http:\/\/baeren-holziken.ch\/wp-content\/uploads\/2020\/04\/IMG_2313-1536x2048-1.jpg","width":1536,"height":2048},{"@type":"BreadcrumbList","@id":"http:\/\/baeren-holziken.ch\/?page_id=17#breadcrumb","itemListElement":[{"@type":"ListItem","position":1,"name":"Startseite","item":"https:\/\/baeren-holziken.ch\/"},{"@type":"ListItem","position":2,"name":"R\u00e4umlichkeiten"}]},{"@type":"WebSite","@id":"https:\/\/baeren-holziken.ch\/#website","url":"https:\/\/baeren-holziken.ch\/","name":"Gasthaus B\u00e4ren Holziken","description":"Restaurant","publisher":{"@id":"https:\/\/baeren-holziken.ch\/#organization"},"potentialAction":[{"@type":"SearchAction","target":{"@type":"EntryPoint","urlTemplate":"https:\/\/baeren-holziken.ch\/?s={search_term_string}"},"query-input":{"@type":"PropertyValueSpecification","valueRequired":true,"valueName":"search_term_string"}}],"inLanguage":"de"},{"@type":"Organization","@id":"https:\/\/baeren-holziken.ch\/#organization","name":"Gasthaus B\u00e4ren Holziken","url":"https:\/\/baeren-holziken.ch\/","logo":{"@type":"ImageObject","inLanguage":"de","@id":"https:\/\/baeren-holziken.ch\/#\/schema\/logo\/image\/","url":"https:\/\/baeren-holziken.ch\/wp-content\/uploads\/2024\/07\/cropped-webseitelogo-1.png","contentUrl":"https:\/\/baeren-holziken.ch\/wp-content\/uploads\/2024\/07\/cropped-webseitelogo-1.png","width":512,"height":512,"caption":"Gasthaus B\u00e4ren Holziken"},"image":{"@id":"https:\/\/baeren-holziken.ch\/#\/schema\/logo\/image\/"}}]}},"_links":{"self":[{"href":"http:\/\/baeren-holziken.ch\/index.php?rest_route=\/wp\/v2\/pages\/17","targetHints":{"allow":["GET"]}}],"collection":[{"href":"http:\/\/baeren-holziken.ch\/index.php?rest_route=\/wp\/v2\/pages"}],"about":[{"href":"http:\/\/baeren-holziken.ch\/index.php?rest_route=\/wp\/v2\/types\/page"}],"author":[{"embeddable":true,"href":"http:\/\/baeren-holziken.ch\/index.php?rest_route=\/wp\/v2\/users\/1"}],"replies":[{"embeddable":true,"href":"http:\/\/baeren-holziken.ch\/index.php?rest_route=%2Fwp%2Fv2%2Fcomments&post=17"}],"version-history":[{"count":1,"href":"http:\/\/baeren-holziken.ch\/index.php?rest_route=\/wp\/v2\/pages\/17\/revisions"}],"predecessor-version":[{"id":23,"href":"http:\/\/baeren-holziken.ch\/index.php?rest_route=\/wp\/v2\/pages\/17\/revisions\/23"}],"wp:attachment":[{"href":"http:\/\/baeren-holziken.ch\/index.php?rest_route=%2Fwp%2Fv2%2Fmedia&parent=17"}],"curies":[{"name":"wp","href":"https:\/\/api.w.org\/{rel}","templated":true}]}}